{"id":363,"date":"2023-02-03T15:00:38","date_gmt":"2023-02-03T15:00:38","guid":{"rendered":"https:\/\/maiskled.com\/?page_id=363"},"modified":"2023-02-13T09:17:35","modified_gmt":"2023-02-13T09:17:35","slug":"a-mina-tenda","status":"publish","type":"page","link":"https:\/\/maiskled.com\/es\/a-mina-tenda\/","title":{"rendered":"Mi tienda"},"content":{"rendered":"<div data-elementor-type=\"wp-page\" data-elementor-id=\"363\" class=\"elementor elementor-363\">\n\t\t\t\t\t\t<section class=\"elementor-section elementor-top-section elementor-element elementor-element-9286339 elementor-section-boxed elementor-section-height-default elementor-section-height-default\" data-id=\"9286339\" data-element_type=\"section\" data-settings=\"{&quot;background_background&quot;:&quot;gradient&quot;}\">\n\t\t\t\t\t\t<div class=\"elementor-container elementor-column-gap-default\">\n\t\t\t\t\t<div class=\"elementor-column elementor-col-100 elementor-top-column elementor-element elementor-element-e08a88c\" data-id=\"e08a88c\" data-element_type=\"column\">\n\t\t\t<div class=\"elementor-widget-wrap elementor-element-populated\">\n\t\t\t\t\t\t<div class=\"elementor-element elementor-element-00aa3b2 elementor-widget elementor-widget-spacer\" data-id=\"00aa3b2\" data-element_type=\"widget\" data-widget_type=\"spacer.default\">\n\t\t\t\t<div class=\"elementor-widget-container\">\n\t\t\t\t\t<div class=\"elementor-spacer\">\n\t\t\t<div class=\"elementor-spacer-inner\"><\/div>\n\t\t<\/div>\n\t\t\t\t<\/div>\n\t\t\t\t<\/div>\n\t\t\t\t<section class=\"elementor-section elementor-inner-section elementor-element elementor-element-d6944b9 elementor-section-boxed elementor-section-height-default elementor-section-height-default\" data-id=\"d6944b9\" data-element_type=\"section\">\n\t\t\t\t\t\t<div class=\"elementor-container elementor-column-gap-default\">\n\t\t\t\t\t<div class=\"elementor-column elementor-col-100 elementor-inner-column elementor-element elementor-element-00fbe5b\" data-id=\"00fbe5b\" data-element_type=\"column\">\n\t\t\t<div class=\"elementor-widget-wrap elementor-element-populated\">\n\t\t\t\t\t\t<div class=\"elementor-element elementor-element-1706858c elementor-widget elementor-widget-heading\" data-id=\"1706858c\" data-element_type=\"widget\" data-widget_type=\"heading.default\">\n\t\t\t\t<div class=\"elementor-widget-container\">\n\t\t\t<h1 class=\"elementor-heading-title elementor-size-default\">Mi tienda<\/h1>\t\t<\/div>\n\t\t\t\t<\/div>\n\t\t\t\t<div class=\"elementor-element elementor-element-b866ac5 elementor-widget elementor-widget-text-editor\" data-id=\"b866ac5\" data-element_type=\"widget\" data-widget_type=\"text-editor.default\">\n\t\t\t\t<div class=\"elementor-widget-container\">\n\t\t\t\t\t\t\t<p dir=\"ltr\" style=\"line-height: 1.38; margin-top: 0pt; margin-bottom: 10pt;\"><span style=\"font-size: 11pt; font-family: Calibri,sans-serif; color: #000000; background-color: transparent; font-weight: 400; font-style: normal; font-variant: normal; text-decoration: none; vertical-align: baseline; white-space: pre-wrap;\">Mi tienda, MaisKled, est\u00e1 ubicada en el barrio de Los Rosales, A Coru\u00f1a, donde vine a vivir hace m\u00e1s de 20 a\u00f1os, en Junio del a\u00f1o 2013, con la finalidad de darle continuidad a otro proyecto, de caracter\u00edsticas similares, que comenc\u00e9 en Vila de Fene en el a\u00f1o 2009 donde, tanto yo como mi socio de aquellas, nos reinventamos en plena crisis financiera, ofreciendo productos de Ahorro Energ\u00e9tico, entre otros, la Tecnolog\u00eda Led y asesoramiento espec\u00edfico. Con un gran esfuerzo pronto comenzamos a ganar cuota de mercado, tanto en la propia Vila como en la ciudad de Ferrol.<\/span><\/p><p dir=\"ltr\" style=\"line-height: 1.38; margin-top: 0pt; margin-bottom: 10pt;\"><span style=\"font-size: 11pt; font-family: Calibri,sans-serif; color: #000000; background-color: transparent; font-weight: 400; font-style: normal; font-variant: normal; text-decoration: none; vertical-align: baseline; white-space: pre-wrap;\">La conciliaci\u00f3n familiar, me llev\u00f3 a dejar aquello en manos de quien fuera mi socio y regresar a Los Rosales, ya por cuenta propia, ofrecer a mis vecinos de aqu\u00ed y de Laba\u00f1ou, todas aquella experiencia que constru\u00ed en lo que era la incipiente Tecnolog\u00eda Led.<\/span><\/p><p dir=\"ltr\" style=\"line-height: 1.38; margin-top: 0pt; margin-bottom: 10pt;\"><span style=\"font-size: 11pt; font-family: Calibri,sans-serif; color: #000000; background-color: transparent; font-weight: 400; font-style: normal; font-variant: normal; text-decoration: none; vertical-align: baseline; white-space: pre-wrap;\">Durante la instalaci\u00f3n de la tienda, y la andadura de los primeros d\u00edas hicieron, gracias a la retroalimentaci\u00f3n de los vecinos, que me decantara a dar un servicio m\u00e1s amplio que fuese m\u00e1s all\u00e1 de la iluminaci\u00f3n, por lo que a\u00f1ad\u00ed algunas l\u00edneas de negocio que me llevaron a ser una peque\u00f1a Ferreter\u00eda para el bricolaje de barrio, donde, a parte del Material, tambi\u00e9n se os ofrece diversos Servicios de asesoramiento y reparaci\u00f3n para vuestras viviendas.\u00a0<\/span><\/p><p dir=\"ltr\" style=\"line-height: 1.38; margin-top: 0pt; margin-bottom: 10pt;\"><span style=\"font-size: 11pt; font-family: Calibri,sans-serif; color: #000000; background-color: transparent; font-weight: 400; font-style: normal; font-variant: normal; text-decoration: none; vertical-align: baseline; white-space: pre-wrap;\">La acogida que tuve fue tal, que vosotros, mis clientes y vecinos, pronto me tomasteis en cuenta para dar soluciones de Ahorro Energ\u00e9tico, no solo en vuestras casas, si no tambi\u00e9n dentro de vuestras comunidades de propietarios, donde hoy en d\u00eda, la mayor parte de los edificios de Los Rosales, algunos de Laba\u00f1ou y San Pedro, ten\u00e9is incorporado sistemas de detenci\u00f3n y ahorro energ\u00e9tico de amplia durabilidad, as\u00ed como Tubos de Tecnolog\u00eda Led en vuestros garajes.<\/span><\/p><p dir=\"ltr\" style=\"line-height: 1.38; margin-top: 0pt; margin-bottom: 10pt;\"><span style=\"font-size: 11pt; font-family: Calibri,sans-serif; color: #000000; background-color: transparent; font-weight: 400; font-style: normal; font-variant: normal; text-decoration: none; vertical-align: baseline; white-space: pre-wrap;\">MaisKled os ofrece en uni\u00f3n con el compa\u00f1ero, tambi\u00e9n aut\u00f3nomo, Miguel Veira, Servicio de instalaci\u00f3n El\u00e9ctrica para Obras Nuevas, Reformas, etc con capacidad de dar de alta instalaciones el\u00e9ctricas de Baja Tensi\u00f3n.<\/span><\/p>\t\t\t\t\t\t<\/div>\n\t\t\t\t<\/div>\n\t\t\t\t\t<\/div>\n\t\t<\/div>\n\t\t\t\t\t<\/div>\n\t\t<\/section>\n\t\t\t\t<section class=\"elementor-section elementor-inner-section elementor-element elementor-element-8633342 elementor-section-boxed elementor-section-height-default elementor-section-height-default\" data-id=\"8633342\" data-element_type=\"section\">\n\t\t\t\t\t\t<div class=\"elementor-container elementor-column-gap-default\">\n\t\t\t\t\t<div class=\"elementor-column elementor-col-50 elementor-inner-column elementor-element elementor-element-c8c1dd3\" data-id=\"c8c1dd3\" data-element_type=\"column\">\n\t\t\t<div class=\"elementor-widget-wrap elementor-element-populated\">\n\t\t\t\t\t\t<div class=\"elementor-element elementor-element-3cf2540 elementor-widget elementor-widget-image\" data-id=\"3cf2540\" data-element_type=\"widget\" data-widget_type=\"image.default\">\n\t\t\t\t<div class=\"elementor-widget-container\">\n\t\t\t\t\t\t\t\t\t\t\t\t\t<img fetchpriority=\"high\" decoding=\"async\" width=\"800\" height=\"600\" src=\"https:\/\/maiskled.com\/wp-content\/uploads\/2023\/02\/WhatsApp-Image-2020-12-29-at-22.20.07-4-1-1024x768.jpeg\" class=\"attachment-large size-large wp-image-341\" alt=\"\" srcset=\"https:\/\/maiskled.com\/wp-content\/uploads\/2023\/02\/WhatsApp-Image-2020-12-29-at-22.20.07-4-1-1024x768.jpeg 1024w, https:\/\/maiskled.com\/wp-content\/uploads\/2023\/02\/WhatsApp-Image-2020-12-29-at-22.20.07-4-1-300x225.jpeg 300w, https:\/\/maiskled.com\/wp-content\/uploads\/2023\/02\/WhatsApp-Image-2020-12-29-at-22.20.07-4-1-768x576.jpeg 768w, https:\/\/maiskled.com\/wp-content\/uploads\/2023\/02\/WhatsApp-Image-2020-12-29-at-22.20.07-4-1-1536x1152.jpeg 1536w, https:\/\/maiskled.com\/wp-content\/uploads\/2023\/02\/WhatsApp-Image-2020-12-29-at-22.20.07-4-1-16x12.jpeg 16w, https:\/\/maiskled.com\/wp-content\/uploads\/2023\/02\/WhatsApp-Image-2020-12-29-at-22.20.07-4-1-600x450.jpeg 600w, https:\/\/maiskled.com\/wp-content\/uploads\/2023\/02\/WhatsApp-Image-2020-12-29-at-22.20.07-4-1.jpeg 2000w\" sizes=\"(max-width: 800px) 100vw, 800px\" \/>\t\t\t\t\t\t\t\t\t\t\t\t\t<\/div>\n\t\t\t\t<\/div>\n\t\t\t\t\t<\/div>\n\t\t<\/div>\n\t\t\t\t<div class=\"elementor-column elementor-col-50 elementor-inner-column elementor-element elementor-element-ffdd53a\" data-id=\"ffdd53a\" data-element_type=\"column\">\n\t\t\t<div class=\"elementor-widget-wrap elementor-element-populated\">\n\t\t\t\t\t\t<div class=\"elementor-element elementor-element-f0b210b elementor-widget elementor-widget-text-editor\" data-id=\"f0b210b\" data-element_type=\"widget\" data-widget_type=\"text-editor.default\">\n\t\t\t\t<div class=\"elementor-widget-container\">\n\t\t\t\t\t\t\t<p dir=\"ltr\" style=\"margin-top: 0pt; margin-bottom: 10pt; line-height: 1.38; text-align: right;\"><span style=\"font-weight: bolder;\"><span style=\"font-size: 11pt; font-family: Calibri, sans-serif; color: #000000; background-color: transparent; font-variant-numeric: normal; font-variant-east-asian: normal; vertical-align: baseline; white-space: pre-wrap;\">Juan Carlos G\u00f3mez<\/span><\/span><\/p><p dir=\"ltr\" style=\"margin-top: 0pt; margin-bottom: 10pt; line-height: 1.38; text-align: right;\"><span style=\"font-size: 11pt; font-family: Calibri, sans-serif; color: #000000; background-color: transparent; font-variant-numeric: normal; font-variant-east-asian: normal; vertical-align: baseline; white-space: pre-wrap;\">Enxe\u00f1eiro T\u00e9cnico Industrial<\/span><\/p><p dir=\"ltr\" style=\"margin-top: 0pt; margin-bottom: 10pt; line-height: 1.38; text-align: right;\"><span style=\"font-size: 11pt; font-family: Calibri, sans-serif; color: #000000; background-color: transparent; font-variant-numeric: normal; font-variant-east-asian: normal; vertical-align: baseline; white-space: pre-wrap;\">(Electricidade, Electr\u00f3nica e Automatizaci\u00f3n)<\/span><\/p><p dir=\"ltr\" style=\"margin-top: 0pt; margin-bottom: 10pt; line-height: 1.38; margin-left: 177pt; text-indent: 35.4pt; text-align: right;\"><span style=\"font-size: 11pt; font-family: Calibri, sans-serif; color: #000000; background-color: transparent; font-variant-numeric: normal; font-variant-east-asian: normal; vertical-align: baseline; white-space: pre-wrap;\">Colexiado n\u00ba 2402 pola Coru\u00f1a<\/span><\/p>\t\t\t\t\t\t<\/div>\n\t\t\t\t<\/div>\n\t\t\t\t\t<\/div>\n\t\t<\/div>\n\t\t\t\t\t<\/div>\n\t\t<\/section>\n\t\t\t\t<div class=\"elementor-element elementor-element-2a5c259 elementor-widget elementor-widget-spacer\" data-id=\"2a5c259\" data-element_type=\"widget\" data-widget_type=\"spacer.default\">\n\t\t\t\t<div class=\"elementor-widget-container\">\n\t\t\t\t\t<div class=\"elementor-spacer\">\n\t\t\t<div class=\"elementor-spacer-inner\"><\/div>\n\t\t<\/div>\n\t\t\t\t<\/div>\n\t\t\t\t<\/div>\n\t\t\t\t\t<\/div>\n\t\t<\/div>\n\t\t\t\t\t<\/div>\n\t\t<\/section>\n\t\t\t\t<\/div>","protected":false},"excerpt":{"rendered":"<p>A mi\u00f1a tenda A mi\u00f1a Tenda, MaisKLed, \u00e1broa no barrio dos Rosales, A Coru\u00f1a, onde vi\u00f1en a vivir vai m\u00e1is de 20 anos, en Xu\u00f1o do ano 2013, coa finalidade de darlle continuidade a outro proxecto, de caracter\u00edsticas semellantes, que comencei na Vila de Fene no ano 2009 onde, tanto eu coma o m\u00e9u socio [&hellip;]<\/p>","protected":false},"author":1,"featured_media":0,"parent":0,"menu_order":0,"comment_status":"closed","ping_status":"closed","template":"","meta":{"_monsterinsights_skip_tracking":false,"_monsterinsights_sitenote_active":false,"_monsterinsights_sitenote_note":"","_monsterinsights_sitenote_category":0,"_uf_show_specific_survey":0,"_uf_disable_surveys":false,"footnotes":""},"class_list":["post-363","page","type-page","status-publish","hentry"],"aioseo_notices":[],"_links":{"self":[{"href":"https:\/\/maiskled.com\/es\/wp-json\/wp\/v2\/pages\/363","targetHints":{"allow":["GET"]}}],"collection":[{"href":"https:\/\/maiskled.com\/es\/wp-json\/wp\/v2\/pages"}],"about":[{"href":"https:\/\/maiskled.com\/es\/wp-json\/wp\/v2\/types\/page"}],"author":[{"embeddable":true,"href":"https:\/\/maiskled.com\/es\/wp-json\/wp\/v2\/users\/1"}],"replies":[{"embeddable":true,"href":"https:\/\/maiskled.com\/es\/wp-json\/wp\/v2\/comments?post=363"}],"version-history":[{"count":27,"href":"https:\/\/maiskled.com\/es\/wp-json\/wp\/v2\/pages\/363\/revisions"}],"predecessor-version":[{"id":942,"href":"https:\/\/maiskled.com\/es\/wp-json\/wp\/v2\/pages\/363\/revisions\/942"}],"wp:attachment":[{"href":"https:\/\/maiskled.com\/es\/wp-json\/wp\/v2\/media?parent=363"}],"curies":[{"name":"wp","href":"https:\/\/api.w.org\/{rel}","templated":true}]}}